{"id":13,"date":"2023-10-25T00:37:38","date_gmt":"2023-10-25T00:37:38","guid":{"rendered":"https:\/\/host-harbor.io\/?page_id=13"},"modified":"2023-11-09T14:20:17","modified_gmt":"2023-11-09T14:20:17","slug":"privacy-policy","status":"publish","type":"page","link":"https:\/\/host-harbor.io\/hu\/privacy-policy\/","title":{"rendered":"Adatv\u00e9delmi szab\u00e1lyzat"},"content":{"rendered":"<p>Az Adatv\u00e9delmi szab\u00e1lyzat le\u00edrja, hogy az Activanta Group Kft. hogyan gy\u0171jti, haszn\u00e1lja, kezeli \u00e9s teszi k\u00f6zz\u00e9 a felhaszn\u00e1l\u00f3kt\u00f3l (minden egyes \"Felhaszn\u00e1l\u00f3\") gy\u0171jt\u00f6tt inform\u00e1ci\u00f3kat a weboldalon. <a href=\"http:\/\/host-harbor.io\/hu\/\">host-harbor.io<\/a> weboldal (\"Webhely\"). Ez az adatv\u00e9delmi szab\u00e1lyzat a Weboldalra \u00e9s az Activanta Group Kft. \u00e1ltal k\u00edn\u00e1lt valamennyi term\u00e9kre \u00e9s szolg\u00e1ltat\u00e1sra vonatkozik. Ha b\u00e1rmilyen k\u00e9rd\u00e9se van, k\u00e9rj\u00fck, \u00edrjon nek\u00fcnk a k\u00f6vetkez\u0151 c\u00edmre <a href=\"http:\/\/host-harbor.io\/hu\/\">support@host-harbor.io<\/a> vagy h\u00edvja a +3615507312. Ezen a c\u00edmen is k\u00fcldhet nek\u00fcnk levelet: L\u00e1szl\u00f3 utca 34, 1043, Budapest.<\/p>\n\n\n\n<h2 class=\"wp-block-heading\">Szem\u00e9lyazonos\u00edt\u00f3 adatok<\/h2>\n\n\n\n<p>A Felhaszn\u00e1l\u00f3kt\u00f3l k\u00fcl\u00f6nb\u00f6z\u0151 m\u00f3don gy\u0171jthet\u00fcnk szem\u00e9lyes azonos\u00edt\u00f3 adatokat, t\u00f6bbek k\u00f6z\u00f6tt, de nem kiz\u00e1r\u00f3lagosan, amikor a Felhaszn\u00e1l\u00f3k megl\u00e1togatj\u00e1k az oldalunkat, feliratkoznak a h\u00edrlev\u00e9lre, kit\u00f6ltenek egy \u0171rlapot, \u00e9s egy\u00e9b, az oldalunkon el\u00e9rhet\u0151v\u00e9 tett tev\u00e9kenys\u00e9gek, szolg\u00e1ltat\u00e1sok, funkci\u00f3k vagy er\u0151forr\u00e1sok kapcs\u00e1n. A Felhaszn\u00e1l\u00f3kt\u00f3l adott esetben megk\u00e9rdezhetj\u00fck a nev\u00fcket, e-mail c\u00edm\u00fcket \u00e9s telefonsz\u00e1mukat. Csak akkor gy\u0171jt\u00fcnk szem\u00e9lyes azonos\u00edt\u00f3 adatokat a Felhaszn\u00e1l\u00f3kt\u00f3l, ha azok \u00f6nk\u00e9nt adj\u00e1k meg ezeket az inform\u00e1ci\u00f3kat. A felhaszn\u00e1l\u00f3k b\u00e1rmikor megtagadhatj\u00e1k a szem\u00e9lyes azonos\u00edt\u00f3 adatok megad\u00e1s\u00e1t, kiv\u00e9ve, ha ez megakad\u00e1lyozza \u0151ket abban, hogy r\u00e9szt vegyenek bizonyos, a Honlaphoz kapcsol\u00f3d\u00f3 tev\u00e9kenys\u00e9gekben.<\/p>\n\n\n\n<h2 class=\"wp-block-heading\">\u00dczleti inform\u00e1ci\u00f3k \u00e9s csatolt anyagok<\/h2>\n\n\n\n<p>Minden megosztott inform\u00e1ci\u00f3t teljes m\u00e9rt\u00e9kben bizalmasan kezel\u00fcnk. A Host Harborn\u00e1l biztos\u00edtjuk, hogy minden olyan technol\u00f3gia, k\u00f3d, inform\u00e1ci\u00f3 vagy anyag, amelyet az \u00dcgyf\u00e9l a Host Harbornak a Host Harbor \u00e1ltal a munka elv\u00e9gz\u00e9s\u00e9vel kapcsolatban a Host Harbor rendelkez\u00e9s\u00e9re bocs\u00e1t, bele\u00e9rtve, korl\u00e1toz\u00e1s n\u00e9lk\u00fcl, az \u00dcgyf\u00e9l term\u00e9kanyagait, term\u00e9k- \u00e9s \u00fczleti inform\u00e1ci\u00f3it \u00e9s a szoftverprogramokat (egy\u00fcttesen \"\u00dcgyf\u00e9lanyagok\"), az azokban l\u00e9v\u0151 \u00f6sszes szellemi tulajdonjoggal egy\u00fctt, az \u00dcgyf\u00e9l tulajdon\u00e1t k\u00e9pezik \u00e9s az \u00dcgyf\u00e9l kiz\u00e1r\u00f3lagos \u00e9s kiz\u00e1r\u00f3lagos tulajdon\u00e1t k\u00e9pezik. A Host Harbor minden t\u0151le telhet\u0151t megtesz annak \u00e9rdek\u00e9ben, hogy az \u00dcgyf\u00e9l \u00edr\u00e1sos enged\u00e9lye n\u00e9lk\u00fcl ne adjon \u00e1t semmilyen inform\u00e1ci\u00f3t az \u00dcgyf\u00e9lr\u0151l harmadik f\u00e9lnek. A jogs\u00e9rt\u00e9s minden esete megfelel\u0151 fegyelmi elj\u00e1r\u00e1st von maga ut\u00e1n a felel\u0151s\u00f6kkel szemben, bele\u00e9rtve a munkaviszony esetleges megsz\u00fcntet\u00e9s\u00e9t, valamint polg\u00e1ri jogi, b\u00fcntet\u0151jogi \u00e9s k\u00f6zigazgat\u00e1si szankci\u00f3kat.<\/p>\n\n\n\n<h2 class=\"wp-block-heading\">Nem szem\u00e9lyes azonos\u00edt\u00f3 inform\u00e1ci\u00f3k<\/h2>\n\n\n\n<p>Nem szem\u00e9lyes azonos\u00edt\u00f3 inform\u00e1ci\u00f3kat gy\u0171jthet\u00fcnk a Felhaszn\u00e1l\u00f3kr\u00f3l, amikor azok kapcsolatba l\u00e9pnek a Webhely\u00fcnkkel. A nem szem\u00e9lyes azonos\u00edt\u00f3 inform\u00e1ci\u00f3k k\u00f6z\u00e9 tartozhat a b\u00f6ng\u00e9sz\u0151 neve, a sz\u00e1m\u00edt\u00f3g\u00e9p t\u00edpusa, valamint a Felhaszn\u00e1l\u00f3nak a Webhely\u00fcnkh\u00f6z val\u00f3 kapcsol\u00f3d\u00e1si m\u00f3dj\u00e1ra vonatkoz\u00f3 technikai inform\u00e1ci\u00f3k, mint p\u00e9ld\u00e1ul az oper\u00e1ci\u00f3s rendszer \u00e9s az ig\u00e9nybe vett internetszolg\u00e1ltat\u00f3, valamint m\u00e1s hasonl\u00f3 inform\u00e1ci\u00f3k.<\/p>\n\n\n\n<h2 class=\"wp-block-heading\">Webb\u00f6ng\u00e9sz\u0151 s\u00fctik<\/h2>\n\n\n\n<p>A cookie egy kis adatdarab, amelyet egy webkiszolg\u00e1l\u00f3 k\u00fcld a b\u00f6ng\u00e9sz\u0151j\u00e9nek, \u00e9s amelyet a merevlemez\u00e9n helyeznek el nyilv\u00e1ntart\u00e1si c\u00e9lokb\u00f3l, \u00e9s n\u00e9ha a r\u00e1juk vonatkoz\u00f3 inform\u00e1ci\u00f3k nyomon k\u00f6vet\u00e9se c\u00e9lj\u00e1b\u00f3l. A felhaszn\u00e1l\u00f3k be\u00e1ll\u00edthatj\u00e1k webb\u00f6ng\u00e9sz\u0151j\u00fcket \u00fagy, hogy elutas\u00edtsa a s\u00fctiket, vagy figyelmeztesse \u00d6nt a s\u00fctik k\u00fcld\u00e9s\u00e9re. Alap\u00e9rtelmez\u00e9s szerint a Webhely nem haszn\u00e1l cookie-kat, am\u00edg a Felhaszn\u00e1l\u00f3 ezt nem enged\u00e9lyezi a cookie-khoz val\u00f3 hozz\u00e1j\u00e1rul\u00e1s felugr\u00f3 ablak\u00e1n kereszt\u00fcl, amely a Felhaszn\u00e1l\u00f3 els\u0151 l\u00e1togat\u00e1sakor jelenik meg. Ha a Felhaszn\u00e1l\u00f3 a \"tilt\u00e1s\" opci\u00f3t v\u00e1lasztja, el\u0151fordulhat, hogy a Webhely egyes r\u00e9szei nem m\u0171k\u00f6dnek megfelel\u0151en, \u00e9s egyes funkci\u00f3k nem m\u0171k\u00f6dnek rendeltet\u00e9sszer\u0171en.<\/p>\n\n\n\n<h2 class=\"wp-block-heading\">Google Analytics<\/h2>\n\n\n\n<p>A \"Google Analytics\" nev\u0171 eszk\u00f6zt haszn\u00e1ljuk az oldal haszn\u00e1lat\u00e1val kapcsolatos inform\u00e1ci\u00f3k gy\u0171jt\u00e9s\u00e9re. A Google Analytics olyan inform\u00e1ci\u00f3kat gy\u0171jt, mint p\u00e9ld\u00e1ul, hogy a felhaszn\u00e1l\u00f3k milyen gyakran l\u00e1togatj\u00e1k ezt az oldalt, milyen oldalakat l\u00e1togatnak meg, \u00e9s milyen m\u00e1s oldalakat haszn\u00e1ltak, miel\u0151tt erre az oldalra \u00e9rkeztek. A Google Analytics-t\u0151l kapott inform\u00e1ci\u00f3kat kiz\u00e1r\u00f3lag az oldal fejleszt\u00e9s\u00e9re haszn\u00e1ljuk fel. A Google Analytics csak az \u00d6nh\u00f6z rendelt IP-c\u00edmet gy\u0171jti az oldal megl\u00e1togat\u00e1s\u00e1nak napj\u00e1n, nem pedig az \u00d6n nev\u00e9t vagy m\u00e1s azonos\u00edt\u00f3 inform\u00e1ci\u00f3t. A Google Analytics seg\u00edts\u00e9g\u00e9vel gy\u0171jt\u00f6tt adatokat nem kapcsoljuk \u00f6ssze szem\u00e9lyazonos\u00edt\u00e1sra alkalmas adatokkal. B\u00e1r a Google Analytics egy \u00e1lland\u00f3 s\u00fctit helyez el az \u00d6n b\u00f6ng\u00e9sz\u0151j\u00e9ben, hogy \u00d6nt egyedi felhaszn\u00e1l\u00f3k\u00e9nt azonos\u00edthassa, amikor legk\u00f6zelebb megl\u00e1togatja ezt az oldalt, a s\u00fctit a Google-n k\u00edv\u00fcl senki m\u00e1s nem haszn\u00e1lhatja. A Google azon lehet\u0151s\u00e9g\u00e9t, hogy a Google Analytics \u00e1ltal gy\u0171jt\u00f6tt, az \u00d6n weboldalon tett l\u00e1togat\u00e1saira vonatkoz\u00f3 inform\u00e1ci\u00f3kat felhaszn\u00e1lja \u00e9s megossza, a Google Analytics (korm\u00e1nyzati weboldalakra vonatkoz\u00f3 m\u00f3dos\u00edtott) felhaszn\u00e1l\u00e1si felt\u00e9telei \u00e9s a Google adatv\u00e9delmi ir\u00e1nyelvei korl\u00e1tozz\u00e1k. Megakad\u00e1lyozhatja, hogy a Google Analytics felismerje \u00d6nt az oldalra t\u00f6rt\u00e9n\u0151 visszat\u00e9r\u0151 l\u00e1togat\u00e1sok sor\u00e1n, ha letiltja a cookie-kat a b\u00f6ng\u00e9sz\u0151j\u00e9ben.<\/p>\n\n\n\n<h2 class=\"wp-block-heading\">Hogyan haszn\u00e1ljuk az \u00f6sszegy\u0171jt\u00f6tt inform\u00e1ci\u00f3kat<\/h2>\n\n\n\n<p>Az Activanta Group Kft. a k\u00f6vetkez\u0151 c\u00e9lokra gy\u0171jtheti \u00e9s haszn\u00e1lhatja a Felhaszn\u00e1l\u00f3k szem\u00e9lyes adatait:<\/p>\n\n\n\n<h4 class=\"wp-block-heading\">A felhaszn\u00e1l\u00f3i \u00e9lm\u00e9ny jav\u00edt\u00e1sa<\/h4>\n\n\n\n<p>Az \u00f6sszes\u00edtett adatokat felhaszn\u00e1lhatjuk arra, hogy meg\u00e9rts\u00fck, hogy a Felhaszn\u00e1l\u00f3k csoportosan hogyan haszn\u00e1lj\u00e1k a Webhely\u00fcnk\u00f6n ny\u00fajtott szolg\u00e1ltat\u00e1sokat \u00e9s er\u0151forr\u00e1sokat.<\/p>\n\n\n\n<h4 class=\"wp-block-heading\">Webhely\u00fcnk jav\u00edt\u00e1sa<\/h4>\n\n\n\n<p>Az \u00d6nt\u0151l kapott inform\u00e1ci\u00f3k \u00e9s visszajelz\u00e9sek alapj\u00e1n folyamatosan igyeksz\u00fcnk jav\u00edtani weboldalunk k\u00edn\u00e1lat\u00e1t.<\/p>\n\n\n\n<h4 class=\"wp-block-heading\">Az \u00fcgyf\u00e9lszolg\u00e1lat jav\u00edt\u00e1sa<\/h4>\n\n\n\n<p>Az \u00d6n adatai seg\u00edtenek nek\u00fcnk abban, hogy hat\u00e9konyabban tudjunk reag\u00e1lni az \u00fcgyf\u00e9lszolg\u00e1lati k\u00e9r\u00e9sekre \u00e9s t\u00e1mogat\u00e1si ig\u00e9nyekre.<\/p>\n\n\n\n<h4 class=\"wp-block-heading\">Tartalom, prom\u00f3ci\u00f3, felm\u00e9r\u00e9s vagy m\u00e1s webhelyfunkci\u00f3 kezel\u00e9se \u00e9rdek\u00e9ben<\/h4>\n\n\n\n<p>A Felhaszn\u00e1l\u00f3knak olyan inform\u00e1ci\u00f3k k\u00fcld\u00e9se, amelyekhez hozz\u00e1j\u00e1rultak, \u00e9s amelyekr\u0151l \u00fagy gondoljuk, hogy \u00e9rdeklik \u0151ket.<\/p>\n\n\n\n<h4 class=\"wp-block-heading\">Rendszeres e-mailek k\u00fcld\u00e9se<\/h4>\n\n\n\n<p>A Felhaszn\u00e1l\u00f3k \u00e1ltal megadott e-mail c\u00edmet kiz\u00e1r\u00f3lag arra haszn\u00e1ljuk, hogy v\u00e1laszoljunk a megkeres\u00e9seikre \u00e9s\/vagy egy\u00e9b k\u00e9r\u00e9seikre vagy k\u00e9rd\u00e9seikre. Ha a Felhaszn\u00e1l\u00f3 \u00fagy d\u00f6nt, hogy feliratkozik levelez\u0151list\u00e1nkra, akkor olyan e-maileket kap, amelyek tartalmazhatnak v\u00e1llalati h\u00edreket, friss\u00edt\u00e9seket, kapcsol\u00f3d\u00f3 term\u00e9k- vagy szolg\u00e1ltat\u00e1si inform\u00e1ci\u00f3kat stb. Ha a Felhaszn\u00e1l\u00f3 b\u00e1rmikor le szeretne iratkozni a j\u00f6v\u0151beni e-mailekr\u0151l, minden egyes e-mail alj\u00e1n r\u00e9szletes leiratkoz\u00e1si utas\u00edt\u00e1sokat tal\u00e1l.<\/p>\n\n\n\n<h2 class=\"wp-block-heading\">Hogyan v\u00e9dj\u00fck az \u00d6n adatait<\/h2>\n\n\n\n<p>Megfelel\u0151 adatgy\u0171jt\u00e9si, t\u00e1rol\u00e1si, feldolgoz\u00e1si gyakorlatokat \u00e9s biztons\u00e1gi int\u00e9zked\u00e9seket alkalmazunk az \u00d6n szem\u00e9lyes adatai, felhaszn\u00e1l\u00f3neve, jelszava, tranzakci\u00f3s inform\u00e1ci\u00f3i \u00e9s a Webhely\u00fcnk\u00f6n t\u00e1rolt adatok jogosulatlan hozz\u00e1f\u00e9r\u00e9se, megv\u00e1ltoztat\u00e1sa, k\u00f6zz\u00e9t\u00e9tele vagy megsemmis\u00edt\u00e9se elleni v\u00e9delem \u00e9rdek\u00e9ben.<\/p>\n\n\n\n<h2 class=\"wp-block-heading\">Szem\u00e9lyes adatainak megoszt\u00e1sa<\/h2>\n\n\n\n<p>Nem adjuk el, nem keresked\u00fcnk \u00e9s nem adjuk b\u00e9rbe a Felhaszn\u00e1l\u00f3 szem\u00e9lyes azonos\u00edt\u00f3 adatait m\u00e1soknak.<\/p>\n\n\n\n<h2 class=\"wp-block-heading\">Az adatv\u00e9delmi szab\u00e1lyzat m\u00f3dos\u00edt\u00e1sai<\/h2>\n\n\n\n<p>Az Activanta Group Kft. b\u00e1rmikor friss\u00edtheti ezt az adatv\u00e9delmi szab\u00e1lyzatot. Nyomat\u00e9kosan javasoljuk, hogy ellen\u0151rizze ezt az oldalt a v\u00e1ltoz\u00e1sok miatt, hogy t\u00e1j\u00e9kozott maradjon arr\u00f3l, hogyan seg\u00edtj\u00fck az \u00e1ltalunk gy\u0171jt\u00f6tt szem\u00e9lyes adatok v\u00e9delm\u00e9t. \u00d6n tudom\u00e1sul veszi \u00e9s elfogadja, hogy az \u00d6n felel\u0151ss\u00e9ge, hogy rendszeresen \u00e1ttekintse ezt az adatv\u00e9delmi szab\u00e1lyzatot, \u00e9s t\u00e1j\u00e9koz\u00f3djon a m\u00f3dos\u00edt\u00e1sokr\u00f3l. Amennyiben a v\u00e1ltoz\u00e1sok jelent\u0151sek, minden regisztr\u00e1lt felhaszn\u00e1l\u00f3nak e-mailt k\u00fcld\u00fcnk, \u00e9s t\u00e1j\u00e9koztatjuk \u0151ket az \u00faj adatokr\u00f3l.<\/p>\n\n\n\n<h2 class=\"wp-block-heading\">Az \u00d6n tartalma<\/h2>\n\n\n\n<p>Oldalunk haszn\u00e1lat\u00e1val \u00d6n elfogadja adatv\u00e9delmi szab\u00e1lyzatunkat. Ha nem \u00e9rt egyet ezzel a politik\u00e1val, k\u00e9rj\u00fck, ne haszn\u00e1lja oldalunkat. Ha a jelen szab\u00e1lyzat m\u00f3dos\u00edt\u00e1sainak k\u00f6zz\u00e9t\u00e9tel\u00e9t k\u00f6vet\u0151en tov\u00e1bbra is haszn\u00e1lja a Webhelyet, az \u00fagy tekintend\u0151, hogy elfogadta a m\u00f3dos\u00edt\u00e1sokat. A Felhaszn\u00e1l\u00f3 a szem\u00e9lyes \u00e9s \u00fczleti adatainak kezel\u00e9s\u00e9vel kapcsolatban t\u00f6bb int\u00e9zked\u00e9st is k\u00e9rhet a k\u00f6vetkez\u0151 e-mail c\u00edmen <a href=\"http:\/\/host-harbor.io\/hu\/\">support@host-harbor.io<\/a> a t\u00e1rgysorba a k\u00e9r\u00e9s\u00fck nev\u00e9t \u00edrj\u00e1k be. Az e-mail be\u00e9rkez\u00e9s\u00e9t\u0151l sz\u00e1m\u00edtott 30 napon bel\u00fcl visszajelez\u00fcnk a felhaszn\u00e1l\u00f3nak, hogy meger\u0151s\u00edts\u00fck, hogy a k\u00e9r\u00e9st teljes\u00edtett\u00fck, vagy megmagyar\u00e1zzuk, mi\u00e9rt nem tudtuk teljes\u00edteni. A k\u00e9r\u00e9sek a k\u00f6vetkez\u0151k:<\/p>\n\n\n\n<h2 class=\"wp-block-heading\">Az \u00e9rintett hozz\u00e1f\u00e9r\u00e9si k\u00e9relemhez val\u00f3 jog<\/h2>\n\n\n\n<p>A Felhaszn\u00e1l\u00f3 k\u00e9rheti, hogy a Webhely adjon jelent\u00e9st minden olyan helyr\u0151l, ahol a Felhaszn\u00e1l\u00f3 szem\u00e9lyes \u00e9s \u00fczleti adatait t\u00e1rolj\u00e1k.<\/p>\n\n\n\n<h3 class=\"wp-block-heading\">Helyesb\u00edt\u00e9shez val\u00f3 jog<\/h3>\n\n\n\n<p>A felhaszn\u00e1l\u00f3 k\u00e9rheti a pontatlan adatok friss\u00edt\u00e9s\u00e9t.<\/p>\n\n\n\n<h3 class=\"wp-block-heading\">T\u00f6rl\u00e9shez val\u00f3 jog<\/h3>\n\n\n\n<p>A Felhaszn\u00e1l\u00f3 k\u00e9rheti a Webhelyen t\u00e1rolt valamennyi szem\u00e9lyes \u00e9s \u00fczleti adat\u00e1nak t\u00f6rl\u00e9s\u00e9t.<\/p>\n\n\n\n<h3 class=\"wp-block-heading\">Az elj\u00e1r\u00e1sok korl\u00e1toz\u00e1s\u00e1hoz val\u00f3 jog<\/h3>\n\n\n\n<p>A Felhaszn\u00e1l\u00f3 k\u00e9rheti, hogy a Webhely ne kezelje szem\u00e9lyes \u00e9s \u00fczleti adatait.<\/p>\n\n\n\n<h3 class=\"wp-block-heading\">Szem\u00e9lyes \u00e9s \u00fczleti adatokhoz val\u00f3 jog<\/h3>\n\n\n\n<p>A Felhaszn\u00e1l\u00f3 k\u00e9rheti, hogy adatait struktur\u00e1lt, \u00e1ltal\u00e1nosan haszn\u00e1lt \u00e9s g\u00e9ppel olvashat\u00f3 form\u00e1tumban adj\u00e1k \u00e1t egy m\u00e1sik v\u00e1llalatnak val\u00f3 tov\u00e1bb\u00edt\u00e1s vagy b\u00e1rmilyen m\u00e1s m\u00f3don t\u00f6rt\u00e9n\u0151 felhaszn\u00e1l\u00e1s c\u00e9lj\u00e1b\u00f3l.<\/p>\n\n\n\n<h2 class=\"wp-block-heading\">Kapcsolattart\u00e1si inform\u00e1ci\u00f3k<\/h2>\n\n\n\n<p>Ha b\u00e1rmilyen k\u00e9rd\u00e9se vagy agg\u00e1lya van az Adatv\u00e9delmi ir\u00e1nyelvekkel kapcsolatban, vagy ha b\u00e1rmilyen probl\u00e9m\u00e1ja van a weboldallal vagy annak b\u00e1rmely \u00f6sszetev\u0151j\u00e9vel, k\u00e9rj\u00fck, l\u00e9pjen kapcsolatba vel\u00fcnk az al\u00e1bbi c\u00edmen <a href=\"http:\/\/host-harbor.io\/hu\/\">support@host-harbor.io<\/a> vagy <a href=\"https:\/\/host-harbor.io\/hu\/contact-us\/\">https:\/\/host-harbor.io\/contact-us\/<\/a>.<\/p>","protected":false},"excerpt":{"rendered":"<p>Privacy Policy describes how Activanta Group Kft. collects, uses, maintains, and discloses information collected from users (each, a \u201cUser\u201d) of the host-harbor.io website (\u201cSite\u201d). This privacy policy applies to the Site and all products and services offered by Activanta Group Kft. If you have any questions, please write to us by support@host-harbor.io or call +3615507312. [&hellip;]<\/p>","protected":false},"author":1,"featured_media":0,"parent":0,"menu_order":0,"comment_status":"closed","ping_status":"closed","template":"template-pages\/policy.php","meta":{"inline_featured_image":false,"footnotes":""},"yoast_head":"<!-- This site is optimized with the Yoast SEO plugin v21.5 - https:\/\/yoast.com\/wordpress\/plugins\/seo\/ -->\n<title>Privacy policy - Host Harbor<\/title>\n<meta name=\"robots\" content=\"index, follow, max-snippet:-1, max-image-preview:large, max-video-preview:-1\" \/>\n<link rel=\"canonical\" href=\"https:\/\/host-harbor.io\/hu\/privacy-policy\/\" \/>\n<meta property=\"og:locale\" content=\"hu_HU\" \/>\n<meta property=\"og:type\" content=\"article\" \/>\n<meta property=\"og:title\" content=\"Privacy policy - Host Harbor\" \/>\n<meta property=\"og:description\" content=\"Privacy Policy describes how Activanta Group Kft. collects, uses, maintains, and discloses information collected from users (each, a \u201cUser\u201d) of the host-harbor.io website (\u201cSite\u201d). This privacy policy applies to the Site and all products and services offered by Activanta Group Kft. If you have any questions, please write to us by support@host-harbor.io or call +3615507312. [&hellip;]\" \/>\n<meta property=\"og:url\" content=\"https:\/\/host-harbor.io\/hu\/privacy-policy\/\" \/>\n<meta property=\"og:site_name\" content=\"Host Harbor\" \/>\n<meta property=\"article:modified_time\" content=\"2023-11-09T14:20:17+00:00\" \/>\n<meta name=\"twitter:card\" content=\"summary_large_image\" \/>\n<script type=\"application\/ld+json\" class=\"yoast-schema-graph\">{\"@context\":\"https:\/\/schema.org\",\"@graph\":[{\"@type\":\"WebPage\",\"@id\":\"https:\/\/host-harbor.io\/privacy-policy\/\",\"url\":\"https:\/\/host-harbor.io\/privacy-policy\/\",\"name\":\"Privacy policy - Host Harbor\",\"isPartOf\":{\"@id\":\"https:\/\/host-harbor.io\/#website\"},\"datePublished\":\"2023-10-25T00:37:38+00:00\",\"dateModified\":\"2023-11-09T14:20:17+00:00\",\"breadcrumb\":{\"@id\":\"https:\/\/host-harbor.io\/privacy-policy\/#breadcrumb\"},\"inLanguage\":\"hu\",\"potentialAction\":[{\"@type\":\"ReadAction\",\"target\":[\"https:\/\/host-harbor.io\/privacy-policy\/\"]}]},{\"@type\":\"BreadcrumbList\",\"@id\":\"https:\/\/host-harbor.io\/privacy-policy\/#breadcrumb\",\"itemListElement\":[{\"@type\":\"ListItem\",\"position\":1,\"name\":\"Home\",\"item\":\"https:\/\/host-harbor.io\/\"},{\"@type\":\"ListItem\",\"position\":2,\"name\":\"Privacy policy\"}]},{\"@type\":\"WebSite\",\"@id\":\"https:\/\/host-harbor.io\/#website\",\"url\":\"https:\/\/host-harbor.io\/\",\"name\":\"Host Harbor\",\"description\":\"\",\"publisher\":{\"@id\":\"https:\/\/host-harbor.io\/#organization\"},\"potentialAction\":[{\"@type\":\"SearchAction\",\"target\":{\"@type\":\"EntryPoint\",\"urlTemplate\":\"https:\/\/host-harbor.io\/?s={search_term_string}\"},\"query-input\":\"required name=search_term_string\"}],\"inLanguage\":\"hu\"},{\"@type\":\"Organization\",\"@id\":\"https:\/\/host-harbor.io\/#organization\",\"name\":\"Host Harbor\",\"url\":\"https:\/\/host-harbor.io\/\",\"logo\":{\"@type\":\"ImageObject\",\"inLanguage\":\"hu\",\"@id\":\"https:\/\/host-harbor.io\/#\/schema\/logo\/image\/\",\"url\":\"https:\/\/host-harbor.io\/wp-content\/uploads\/2023\/10\/Group-81048.svg\",\"contentUrl\":\"https:\/\/host-harbor.io\/wp-content\/uploads\/2023\/10\/Group-81048.svg\",\"width\":162,\"height\":22,\"caption\":\"Host Harbor\"},\"image\":{\"@id\":\"https:\/\/host-harbor.io\/#\/schema\/logo\/image\/\"}}]}<\/script>\n<!-- \/ Yoast SEO plugin. -->","yoast_head_json":{"title":"Privacy policy - Host Harbor","robots":{"index":"index","follow":"follow","max-snippet":"max-snippet:-1","max-image-preview":"max-image-preview:large","max-video-preview":"max-video-preview:-1"},"canonical":"https:\/\/host-harbor.io\/hu\/privacy-policy\/","og_locale":"hu_HU","og_type":"article","og_title":"Privacy policy - Host Harbor","og_description":"Privacy Policy describes how Activanta Group Kft. collects, uses, maintains, and discloses information collected from users (each, a \u201cUser\u201d) of the host-harbor.io website (\u201cSite\u201d). This privacy policy applies to the Site and all products and services offered by Activanta Group Kft. If you have any questions, please write to us by support@host-harbor.io or call +3615507312. [&hellip;]","og_url":"https:\/\/host-harbor.io\/hu\/privacy-policy\/","og_site_name":"Host Harbor","article_modified_time":"2023-11-09T14:20:17+00:00","twitter_card":"summary_large_image","schema":{"@context":"https:\/\/schema.org","@graph":[{"@type":"WebPage","@id":"https:\/\/host-harbor.io\/privacy-policy\/","url":"https:\/\/host-harbor.io\/privacy-policy\/","name":"Privacy policy - Host Harbor","isPartOf":{"@id":"https:\/\/host-harbor.io\/#website"},"datePublished":"2023-10-25T00:37:38+00:00","dateModified":"2023-11-09T14:20:17+00:00","breadcrumb":{"@id":"https:\/\/host-harbor.io\/privacy-policy\/#breadcrumb"},"inLanguage":"hu","potentialAction":[{"@type":"ReadAction","target":["https:\/\/host-harbor.io\/privacy-policy\/"]}]},{"@type":"BreadcrumbList","@id":"https:\/\/host-harbor.io\/privacy-policy\/#breadcrumb","itemListElement":[{"@type":"ListItem","position":1,"name":"Home","item":"https:\/\/host-harbor.io\/"},{"@type":"ListItem","position":2,"name":"Privacy policy"}]},{"@type":"WebSite","@id":"https:\/\/host-harbor.io\/#website","url":"https:\/\/host-harbor.io\/","name":"Host Harbor","description":"","publisher":{"@id":"https:\/\/host-harbor.io\/#organization"},"potentialAction":[{"@type":"SearchAction","target":{"@type":"EntryPoint","urlTemplate":"https:\/\/host-harbor.io\/?s={search_term_string}"},"query-input":"required name=search_term_string"}],"inLanguage":"hu"},{"@type":"Organization","@id":"https:\/\/host-harbor.io\/#organization","name":"Host Harbor","url":"https:\/\/host-harbor.io\/","logo":{"@type":"ImageObject","inLanguage":"hu","@id":"https:\/\/host-harbor.io\/#\/schema\/logo\/image\/","url":"https:\/\/host-harbor.io\/wp-content\/uploads\/2023\/10\/Group-81048.svg","contentUrl":"https:\/\/host-harbor.io\/wp-content\/uploads\/2023\/10\/Group-81048.svg","width":162,"height":22,"caption":"Host Harbor"},"image":{"@id":"https:\/\/host-harbor.io\/#\/schema\/logo\/image\/"}}]}},"_links":{"self":[{"href":"https:\/\/host-harbor.io\/hu\/wp-json\/wp\/v2\/pages\/13"}],"collection":[{"href":"https:\/\/host-harbor.io\/hu\/wp-json\/wp\/v2\/pages"}],"about":[{"href":"https:\/\/host-harbor.io\/hu\/wp-json\/wp\/v2\/types\/page"}],"author":[{"embeddable":true,"href":"https:\/\/host-harbor.io\/hu\/wp-json\/wp\/v2\/users\/1"}],"replies":[{"embeddable":true,"href":"https:\/\/host-harbor.io\/hu\/wp-json\/wp\/v2\/comments?post=13"}],"version-history":[{"count":2,"href":"https:\/\/host-harbor.io\/hu\/wp-json\/wp\/v2\/pages\/13\/revisions"}],"predecessor-version":[{"id":397,"href":"https:\/\/host-harbor.io\/hu\/wp-json\/wp\/v2\/pages\/13\/revisions\/397"}],"wp:attachment":[{"href":"https:\/\/host-harbor.io\/hu\/wp-json\/wp\/v2\/media?parent=13"}],"curies":[{"name":"wp","href":"https:\/\/api.w.org\/{rel}","templated":true}]}}